{"id":18,"date":"2018-12-20T13:51:09","date_gmt":"2018-12-20T12:51:09","guid":{"rendered":"https:\/\/www.asso-torcol.fr\/?page_id=18"},"modified":"2020-11-11T15:44:12","modified_gmt":"2020-11-11T14:44:12","slug":"a-propos-de","status":"publish","type":"page","link":"https:\/\/www.asso-torcol.fr\/index.php\/a-propos-de\/","title":{"rendered":"\u00c0 propos de nous"},"content":{"rendered":"\n<p style=\"color:#2e329a;font-size:39px\" class=\"has-text-color has-text-align-center\"><strong>Que faisons-nous ?<\/strong><\/p>\n\n\n\n<p style=\"color:#2e329a;font-size:45px\" class=\"has-text-color has-background has-text-align-center has-very-light-gray-background-color\"><strong>Nos activit\u00e9s<\/strong><\/p>\n\n\n\n<p style=\"color:#2e329a\" class=\"has-text-color\"><strong>Protection de la nature<\/strong><\/p>\n\n\n\n<p style=\"color:#2e329a\" class=\"has-text-color\"><strong>Restauration, am\u00e9nagement et entretien d&rsquo;espaces naturels<\/strong><\/p>\n\n\n\n<p style=\"color:#2e329a\" class=\"has-text-color\"><strong>Actions de sensibilisation destin\u00e9es au public ainsi qu&rsquo;aux scolaires pour leur faire d\u00e9couvrir la faune et la flore<\/strong><\/p>\n\n\n\n<p style=\"color:#2e329a\" class=\"has-text-color\"><strong>Expositions et conf\u00e9rence<\/strong>s<\/p>\n\n\n\n<p style=\"color:#2e329a\" class=\"has-text-color\"><strong>Animations et formations<\/strong><\/p>\n\n\n\n<p style=\"color:#2e329a;font-size:34px\" class=\"has-text-color has-background has-text-align-center has-very-light-gray-background-color\"><strong>Protection des esp\u00e8ces<\/strong><\/p>\n\n\n\n<p style=\"color:#2e329a\" class=\"has-text-color\"><strong>Suivi et recensement d&rsquo;esp\u00e8ces comme la chouette chev\u00eache, la chouette effraie, les hirondelles\u2026<\/strong><\/p>\n\n\n\n<figure class=\"wp-block-gallery alignfull columns-3 is-cropped wp-block-gallery-1 is-layout-flex wp-block-gallery-is-layout-flex\"><ul class=\"blocks-gallery-grid\"><li class=\"blocks-gallery-item\"><figure><img loading=\"lazy\" decoding=\"async\" width=\"533\" height=\"647\" src=\"https:\/\/www.asso-torcol.fr\/wp-content\/uploads\/2020\/01\/DPP_0002-2.jpg\" alt=\"\" data-id=\"3670\" data-link=\"https:\/\/www.asso-torcol.fr\/index.php\/a-propos-de\/dpp_0002-2\/\" class=\"wp-image-3670\"\/><\/figure><\/li><li class=\"blocks-gallery-item\"><figure><img loading=\"lazy\" decoding=\"async\" width=\"796\" height=\"533\" src=\"https:\/\/www.asso-torcol.fr\/wp-content\/uploads\/2020\/01\/DPP_0003-2.jpg\" alt=\"\" data-id=\"3671\" data-link=\"https:\/\/www.asso-torcol.fr\/index.php\/a-propos-de\/dpp_0003-2\/\" class=\"wp-image-3671\" srcset=\"https:\/\/www.asso-torcol.fr\/wp-content\/uploads\/2020\/01\/DPP_0003-2.jpg 796w, https:\/\/www.asso-torcol.fr\/wp-content\/uploads\/2020\/01\/DPP_0003-2-768x514.jpg 768w\" sizes=\"auto, (max-width: 796px) 100vw, 796px\" \/><figcaption class=\"blocks-gallery-item__caption\">effraie<\/figcaption><\/figure><\/li><li class=\"blocks-gallery-item\"><figure><img loading=\"lazy\" decoding=\"async\" width=\"800\" height=\"533\" src=\"https:\/\/www.asso-torcol.fr\/wp-content\/uploads\/2020\/01\/DPP_0001-1.jpg\" alt=\"\" data-id=\"3669\" data-link=\"https:\/\/www.asso-torcol.fr\/index.php\/a-propos-de\/dpp_0001-1\/\" class=\"wp-image-3669\" srcset=\"https:\/\/www.asso-torcol.fr\/wp-content\/uploads\/2020\/01\/DPP_0001-1.jpg 800w, https:\/\/www.asso-torcol.fr\/wp-content\/uploads\/2020\/01\/DPP_0001-1-768x512.jpg 768w\" sizes=\"auto, (max-width: 800px) 100vw, 800px\" \/><figcaption class=\"blocks-gallery-item__caption\">hirondelles rustiques<\/figcaption><\/figure><\/li><\/ul><\/figure>\n\n\n\n<p style=\"color:#2e329a\" class=\"has-text-color\"><strong>Contribution \u00e0 la campagne de protection du busard cendr\u00e9 sur un secteur allant de Gravelotte \u00e0 l&rsquo;\u00e9tang de Lachauss\u00e9e.<\/strong><\/p>\n\n\n\n<figure class=\"wp-block-gallery alignfull columns-3 is-cropped wp-block-gallery-2 is-layout-flex wp-block-gallery-is-layout-flex\"><ul class=\"blocks-gallery-grid\"><li class=\"blocks-gallery-item\"><figure><img loading=\"lazy\" decoding=\"async\" width=\"619\" height=\"533\" src=\"https:\/\/www.asso-torcol.fr\/wp-content\/uploads\/2020\/01\/DPP_0002-3.jpg\" alt=\"\" data-id=\"3675\" data-link=\"https:\/\/www.asso-torcol.fr\/index.php\/a-propos-de\/dpp_0002-3\/\" class=\"wp-image-3675\"\/><\/figure><\/li><li class=\"blocks-gallery-item\"><figure><img loading=\"lazy\" decoding=\"async\" width=\"800\" height=\"533\" src=\"https:\/\/www.asso-torcol.fr\/wp-content\/uploads\/2020\/01\/DPP_0001-2.jpg\" alt=\"\" data-id=\"3674\" data-link=\"https:\/\/www.asso-torcol.fr\/index.php\/a-propos-de\/sony-dsc-4\/\" class=\"wp-image-3674\" srcset=\"https:\/\/www.asso-torcol.fr\/wp-content\/uploads\/2020\/01\/DPP_0001-2.jpg 800w, https:\/\/www.asso-torcol.fr\/wp-content\/uploads\/2020\/01\/DPP_0001-2-768x512.jpg 768w\" sizes=\"auto, (max-width: 800px) 100vw, 800px\" \/><\/figure><\/li><li class=\"blocks-gallery-item\"><figure><img loading=\"lazy\" decoding=\"async\" width=\"798\" height=\"533\" src=\"https:\/\/www.asso-torcol.fr\/wp-content\/uploads\/2020\/01\/DPP_0004-2.jpg\" alt=\"\" data-id=\"3672\" data-link=\"https:\/\/www.asso-torcol.fr\/index.php\/a-propos-de\/dpp_0004-2\/\" class=\"wp-image-3672\" srcset=\"https:\/\/www.asso-torcol.fr\/wp-content\/uploads\/2020\/01\/DPP_0004-2.jpg 798w, https:\/\/www.asso-torcol.fr\/wp-content\/uploads\/2020\/01\/DPP_0004-2-768x513.jpg 768w\" sizes=\"auto, (max-width: 798px) 100vw, 798px\" \/><\/figure><\/li><\/ul><\/figure>\n\n\n\n<p style=\"color:#2e329a\" class=\"has-text-color\"><strong>Sauvetage des amphibiens sur la route d\u00e9partementale N\u00b0 657 entre Corny et Arry avec le concours d&rsquo;autres associations locales.<\/strong><\/p>\n\n\n\n<figure class=\"wp-block-gallery alignfull columns-3 is-cropped wp-block-gallery-3 is-layout-flex wp-block-gallery-is-layout-flex\"><ul class=\"blocks-gallery-grid\"><li class=\"blocks-gallery-item\"><figure><img loading=\"lazy\" decoding=\"async\" width=\"800\" height=\"598\" src=\"https:\/\/www.asso-torcol.fr\/wp-content\/uploads\/2020\/01\/DPP_0001-3.jpg\" alt=\"\" data-id=\"3687\" data-link=\"https:\/\/www.asso-torcol.fr\/index.php\/a-propos-de\/dpp_0001-2\/\" class=\"wp-image-3687\" srcset=\"https:\/\/www.asso-torcol.fr\/wp-content\/uploads\/2020\/01\/DPP_0001-3.jpg 800w, https:\/\/www.asso-torcol.fr\/wp-content\/uploads\/2020\/01\/DPP_0001-3-768x574.jpg 768w\" sizes=\"auto, (max-width: 800px) 100vw, 800px\" \/><\/figure><\/li><li class=\"blocks-gallery-item\"><figure><img loading=\"lazy\" decoding=\"async\" width=\"797\" height=\"598\" src=\"https:\/\/www.asso-torcol.fr\/wp-content\/uploads\/2020\/01\/DPP_0003-4.jpg\" alt=\"\" data-id=\"3689\" data-link=\"https:\/\/www.asso-torcol.fr\/index.php\/a-propos-de\/dpp_0003-4\/\" class=\"wp-image-3689\" srcset=\"https:\/\/www.asso-torcol.fr\/wp-content\/uploads\/2020\/01\/DPP_0003-4.jpg 797w, https:\/\/www.asso-torcol.fr\/wp-content\/uploads\/2020\/01\/DPP_0003-4-768x576.jpg 768w\" sizes=\"auto, (max-width: 797px) 100vw, 797px\" \/><\/figure><\/li><li class=\"blocks-gallery-item\"><figure><img loading=\"lazy\" decoding=\"async\" width=\"797\" height=\"598\" src=\"https:\/\/www.asso-torcol.fr\/wp-content\/uploads\/2020\/01\/DPP_0002-4.jpg\" alt=\"\" data-id=\"3688\" data-link=\"https:\/\/www.asso-torcol.fr\/index.php\/a-propos-de\/dpp_0002-4\/\" class=\"wp-image-3688\" srcset=\"https:\/\/www.asso-torcol.fr\/wp-content\/uploads\/2020\/01\/DPP_0002-4.jpg 797w, https:\/\/www.asso-torcol.fr\/wp-content\/uploads\/2020\/01\/DPP_0002-4-768x576.jpg 768w\" sizes=\"auto, (max-width: 797px) 100vw, 797px\" \/><\/figure><\/li><\/ul><\/figure>\n\n\n\n<p style=\"color:#2e329a;font-size:29px\" class=\"has-text-color has-background has-text-align-center has-very-light-gray-background-color\"><strong>Restauration, am\u00e9nagement et entretien des espaces favorables au d\u00e9veloppement de la biodiversit\u00e9<\/strong><\/p>\n\n\n\n<p style=\"color:#2e329a\" class=\"has-text-color\"><strong>La r\u00e9habilitation des vergers constitue la principale activit\u00e9. \u00c0 ce jour, environ deux hectares sont am\u00e9nag\u00e9s et entretenus.<\/strong><\/p>\n\n\n\n<figure class=\"wp-block-gallery alignfull columns-3 is-cropped wp-block-gallery-4 is-layout-flex wp-block-gallery-is-layout-flex\"><ul class=\"blocks-gallery-grid\"><li class=\"blocks-gallery-item\"><figure><img loading=\"lazy\" decoding=\"async\" width=\"800\" height=\"600\" src=\"https:\/\/www.asso-torcol.fr\/wp-content\/uploads\/2020\/01\/DPP_0001-4.jpg\" alt=\"\" data-id=\"3694\" data-link=\"https:\/\/www.asso-torcol.fr\/index.php\/a-propos-de\/dpp_0001-3\/\" class=\"wp-image-3694\" srcset=\"https:\/\/www.asso-torcol.fr\/wp-content\/uploads\/2020\/01\/DPP_0001-4.jpg 800w, https:\/\/www.asso-torcol.fr\/wp-content\/uploads\/2020\/01\/DPP_0001-4-768x576.jpg 768w\" sizes=\"auto, (max-width: 800px) 100vw, 800px\" \/><\/figure><\/li><li class=\"blocks-gallery-item\"><figure><img loading=\"lazy\" decoding=\"async\" width=\"800\" height=\"600\" src=\"https:\/\/www.asso-torcol.fr\/wp-content\/uploads\/2020\/01\/DPP_0002-5.jpg\" alt=\"\" data-id=\"3695\" data-link=\"https:\/\/www.asso-torcol.fr\/index.php\/a-propos-de\/dpp_0002-5\/\" class=\"wp-image-3695\" srcset=\"https:\/\/www.asso-torcol.fr\/wp-content\/uploads\/2020\/01\/DPP_0002-5.jpg 800w, https:\/\/www.asso-torcol.fr\/wp-content\/uploads\/2020\/01\/DPP_0002-5-768x576.jpg 768w\" sizes=\"auto, (max-width: 800px) 100vw, 800px\" \/><\/figure><\/li><li class=\"blocks-gallery-item\"><figure><img loading=\"lazy\" decoding=\"async\" width=\"800\" height=\"600\" src=\"https:\/\/www.asso-torcol.fr\/wp-content\/uploads\/2020\/01\/DPP_0004-3.jpg\" alt=\"\" data-id=\"3697\" data-link=\"https:\/\/www.asso-torcol.fr\/index.php\/a-propos-de\/dpp_0004-3\/\" class=\"wp-image-3697\" srcset=\"https:\/\/www.asso-torcol.fr\/wp-content\/uploads\/2020\/01\/DPP_0004-3.jpg 800w, https:\/\/www.asso-torcol.fr\/wp-content\/uploads\/2020\/01\/DPP_0004-3-768x576.jpg 768w\" sizes=\"auto, (max-width: 800px) 100vw, 800px\" \/><\/figure><\/li><\/ul><\/figure>\n\n\n\n<p style=\"color:#2e329a\" class=\"has-text-color\"><strong>Dans le cadre du maintien de la biodiversit\u00e9, Torcol proc\u00e8de \u00e0 la plantation de haies, de prairies fleuries, \u00e0 l&rsquo;installation de ruches et h\u00f4tels \u00e0 insectes ainsi qu&rsquo;\u00e0 la cr\u00e9ation de mares.<\/strong><\/p>\n\n\n\n<figure class=\"wp-block-gallery alignfull columns-3 is-cropped wp-block-gallery-5 is-layout-flex wp-block-gallery-is-layout-flex\"><ul class=\"blocks-gallery-grid\"><li class=\"blocks-gallery-item\"><figure><img loading=\"lazy\" decoding=\"async\" width=\"247\" height=\"131\" src=\"https:\/\/www.asso-torcol.fr\/wp-content\/uploads\/2020\/02\/Assoc_5.jpg\" alt=\"\" data-id=\"3759\" data-link=\"https:\/\/www.asso-torcol.fr\/index.php\/a-propos-de\/assoc_5-2\/\" class=\"wp-image-3759\"\/><\/figure><\/li><li class=\"blocks-gallery-item\"><figure><img loading=\"lazy\" decoding=\"async\" width=\"800\" height=\"600\" src=\"https:\/\/www.asso-torcol.fr\/wp-content\/uploads\/2020\/02\/IMG_8880.jpg\" alt=\"\" data-id=\"3760\" data-link=\"https:\/\/www.asso-torcol.fr\/index.php\/a-propos-de\/img_8880\/\" class=\"wp-image-3760\" srcset=\"https:\/\/www.asso-torcol.fr\/wp-content\/uploads\/2020\/02\/IMG_8880.jpg 800w, https:\/\/www.asso-torcol.fr\/wp-content\/uploads\/2020\/02\/IMG_8880-768x576.jpg 768w\" sizes=\"auto, (max-width: 800px) 100vw, 800px\" \/><\/figure><\/li><li class=\"blocks-gallery-item\"><figure><img loading=\"lazy\" decoding=\"async\" width=\"800\" height=\"600\" src=\"https:\/\/www.asso-torcol.fr\/wp-content\/uploads\/2020\/02\/DSC00332.jpg\" alt=\"\" data-id=\"3761\" data-link=\"https:\/\/www.asso-torcol.fr\/index.php\/a-propos-de\/dsc00332\/\" class=\"wp-image-3761\" srcset=\"https:\/\/www.asso-torcol.fr\/wp-content\/uploads\/2020\/02\/DSC00332.jpg 800w, https:\/\/www.asso-torcol.fr\/wp-content\/uploads\/2020\/02\/DSC00332-768x576.jpg 768w\" sizes=\"auto, (max-width: 800px) 100vw, 800px\" \/><\/figure><\/li><\/ul><\/figure>\n\n\n\n<p style=\"color:#2e329a;font-size:30px\" class=\"has-text-color has-background has-text-align-center has-very-light-gray-background-color\"><strong>Sensibilisation, information, conf\u00e9rences, animations, expositions<\/strong><\/p>\n\n\n\n<p style=\"color:#2e329a\" class=\"has-text-color\"><strong>Sorties d\u00e9couvertes faune et flore destin\u00e9es \u00e0 tout public.<\/strong><\/p>\n\n\n\n<figure class=\"wp-block-gallery alignfull columns-3 is-cropped wp-block-gallery-6 is-layout-flex wp-block-gallery-is-layout-flex\"><ul class=\"blocks-gallery-grid\"><li class=\"blocks-gallery-item\"><figure><img loading=\"lazy\" decoding=\"async\" width=\"800\" height=\"389\" src=\"https:\/\/www.asso-torcol.fr\/wp-content\/uploads\/2020\/02\/DPP_0001.jpg\" alt=\"\" data-id=\"3739\" data-link=\"https:\/\/www.asso-torcol.fr\/index.php\/a-propos-de\/dpp_0001-4\/\" class=\"wp-image-3739\" srcset=\"https:\/\/www.asso-torcol.fr\/wp-content\/uploads\/2020\/02\/DPP_0001.jpg 800w, https:\/\/www.asso-torcol.fr\/wp-content\/uploads\/2020\/02\/DPP_0001-768x373.jpg 768w\" sizes=\"auto, (max-width: 800px) 100vw, 800px\" \/><\/figure><\/li><li class=\"blocks-gallery-item\"><figure><img loading=\"lazy\" decoding=\"async\" width=\"389\" height=\"800\" src=\"https:\/\/www.asso-torcol.fr\/wp-content\/uploads\/2020\/02\/DPP_0002.jpg\" alt=\"\" data-id=\"3740\" data-link=\"https:\/\/www.asso-torcol.fr\/index.php\/a-propos-de\/dpp_0002-6\/\" class=\"wp-image-3740\"\/><\/figure><\/li><li class=\"blocks-gallery-item\"><figure><img loading=\"lazy\" decoding=\"async\" width=\"389\" height=\"800\" src=\"https:\/\/www.asso-torcol.fr\/wp-content\/uploads\/2020\/02\/DPP_0003.jpg\" alt=\"\" data-id=\"3741\" data-link=\"https:\/\/www.asso-torcol.fr\/index.php\/a-propos-de\/dpp_0003-5\/\" class=\"wp-image-3741\"\/><\/figure><\/li><\/ul><\/figure>\n\n\n\n<p style=\"color:#2e329a\" class=\"has-text-color\"><strong>Animations p\u00e9dagogiques destin\u00e9es aux scolaires.<\/strong><\/p>\n\n\n\n<figure class=\"wp-block-gallery alignfull columns-3 is-cropped wp-block-gallery-7 is-layout-flex wp-block-gallery-is-layout-flex\"><ul class=\"blocks-gallery-grid\"><li class=\"blocks-gallery-item\"><figure><img loading=\"lazy\" decoding=\"async\" width=\"800\" height=\"600\" src=\"https:\/\/www.asso-torcol.fr\/wp-content\/uploads\/2020\/01\/SAVE_20191218_120816.jpg\" alt=\"\" data-id=\"3597\" data-link=\"https:\/\/www.asso-torcol.fr\/index.php\/2019\/12\/18\/animation-sur-les-5-sens-au-resto-du-coeur\/save_20191218_120816\/\" class=\"wp-image-3597\" srcset=\"https:\/\/www.asso-torcol.fr\/wp-content\/uploads\/2020\/01\/SAVE_20191218_120816.jpg 800w, https:\/\/www.asso-torcol.fr\/wp-content\/uploads\/2020\/01\/SAVE_20191218_120816-768x576.jpg 768w\" sizes=\"auto, (max-width: 800px) 100vw, 800px\" \/><\/figure><\/li><li class=\"blocks-gallery-item\"><figure><img loading=\"lazy\" decoding=\"async\" width=\"519\" height=\"389\" src=\"https:\/\/www.asso-torcol.fr\/wp-content\/uploads\/2020\/02\/DPP_0005.jpg\" alt=\"\" data-id=\"3743\" data-link=\"https:\/\/www.asso-torcol.fr\/index.php\/a-propos-de\/dpp_0005-2\/\" class=\"wp-image-3743\"\/><\/figure><\/li><li class=\"blocks-gallery-item\"><figure><img loading=\"lazy\" decoding=\"async\" width=\"229\" height=\"171\" src=\"https:\/\/www.asso-torcol.fr\/wp-content\/uploads\/2020\/02\/IMG_0679.jpg\" alt=\"\" data-id=\"3744\" data-link=\"https:\/\/www.asso-torcol.fr\/index.php\/a-propos-de\/img_0679\/\" class=\"wp-image-3744\"\/><\/figure><\/li><\/ul><\/figure>\n\n\n\n<p style=\"color:#2e329a\" class=\"has-text-color\"><strong> Des animateurs et conf\u00e9renciers de talent nous transmettent leur savoir. Ces actions \u00e0 th\u00e8me sont ouvertes \u00e0 tous.<br> La promotion de Torcol passe aussi par la participation \u00e0 divers \u00e9v\u00e8nements.<\/strong><\/p>\n\n\n\n<figure class=\"wp-block-gallery alignfull columns-3 is-cropped wp-block-gallery-8 is-layout-flex wp-block-gallery-is-layout-flex\"><ul class=\"blocks-gallery-grid\"><li class=\"blocks-gallery-item\"><figure><img loading=\"lazy\" decoding=\"async\" width=\"268\" height=\"179\" src=\"https:\/\/www.asso-torcol.fr\/wp-content\/uploads\/2020\/02\/Assoc_7.jpg\" alt=\"\" data-id=\"3747\" data-link=\"https:\/\/www.asso-torcol.fr\/index.php\/a-propos-de\/assoc_7-2\/\" class=\"wp-image-3747\"\/><\/figure><\/li><li class=\"blocks-gallery-item\"><figure><img loading=\"lazy\" decoding=\"async\" width=\"800\" height=\"532\" src=\"https:\/\/www.asso-torcol.fr\/wp-content\/uploads\/2020\/02\/DPP_0001-1.jpg\" alt=\"\" data-id=\"3748\" data-link=\"https:\/\/www.asso-torcol.fr\/index.php\/a-propos-de\/dpp_0001-1-2\/\" class=\"wp-image-3748\" srcset=\"https:\/\/www.asso-torcol.fr\/wp-content\/uploads\/2020\/02\/DPP_0001-1.jpg 800w, https:\/\/www.asso-torcol.fr\/wp-content\/uploads\/2020\/02\/DPP_0001-1-768x511.jpg 768w\" sizes=\"auto, (max-width: 800px) 100vw, 800px\" \/><\/figure><\/li><li class=\"blocks-gallery-item\"><figure><img loading=\"lazy\" decoding=\"async\" width=\"709\" height=\"532\" src=\"https:\/\/www.asso-torcol.fr\/wp-content\/uploads\/2020\/02\/DPP_0002-1.jpg\" alt=\"\" data-id=\"3749\" data-link=\"https:\/\/www.asso-torcol.fr\/index.php\/a-propos-de\/dpp_0002-1-2\/\" class=\"wp-image-3749\"\/><\/figure><\/li><\/ul><\/figure>\n\n\n\n<p style=\"color:#2e329a;font-size:29px\" class=\"has-text-color has-background has-text-align-center has-very-light-gray-background-color\"><strong>Former, conna\u00eetre, partager la connaissance<\/strong><\/p>\n\n\n\n<p style=\"color:#2e329a\" class=\"has-text-color\"><strong>La protection passe par la formation, l&rsquo;\u00e9ducation et la connaissance sur le terrain.<br>Au fil des saisons les membres de Torcol s&rsquo;enrichissent du savoir des associations voisines et de ses membres qui partagent leurs connaissances sp\u00e9cifiques (taille des arbres fruitiers, jardinage biologique, cours de photographies, etc&#8230;).<\/strong><\/p>\n\n\n\n<figure class=\"wp-block-gallery alignfull columns-2 is-cropped wp-block-gallery-9 is-layout-flex wp-block-gallery-is-layout-flex\"><ul class=\"blocks-gallery-grid\"><li class=\"blocks-gallery-item\"><figure><img loading=\"lazy\" decoding=\"async\" width=\"800\" height=\"600\" src=\"https:\/\/www.asso-torcol.fr\/wp-content\/uploads\/2020\/02\/DPP_0001-2.jpg\" alt=\"\" data-id=\"3752\" data-link=\"https:\/\/www.asso-torcol.fr\/index.php\/a-propos-de\/dpp_0001-2-2\/\" class=\"wp-image-3752\" srcset=\"https:\/\/www.asso-torcol.fr\/wp-content\/uploads\/2020\/02\/DPP_0001-2.jpg 800w, https:\/\/www.asso-torcol.fr\/wp-content\/uploads\/2020\/02\/DPP_0001-2-768x576.jpg 768w\" sizes=\"auto, (max-width: 800px) 100vw, 800px\" \/><\/figure><\/li><li class=\"blocks-gallery-item\"><figure><img loading=\"lazy\" decoding=\"async\" width=\"800\" height=\"600\" src=\"https:\/\/www.asso-torcol.fr\/wp-content\/uploads\/2020\/02\/DPP_0002-2.jpg\" alt=\"\" data-id=\"3753\" data-link=\"https:\/\/www.asso-torcol.fr\/index.php\/a-propos-de\/dpp_0002-2-2\/\" class=\"wp-image-3753\" srcset=\"https:\/\/www.asso-torcol.fr\/wp-content\/uploads\/2020\/02\/DPP_0002-2.jpg 800w, https:\/\/www.asso-torcol.fr\/wp-content\/uploads\/2020\/02\/DPP_0002-2-768x576.jpg 768w\" sizes=\"auto, (max-width: 800px) 100vw, 800px\" \/><\/figure><\/li><\/ul><\/figure>\n\n\n\n<p style=\"color:#2e329a\" class=\"has-text-color\"><strong>L&rsquo;association organise aussi des sorties ludiques (d\u00e9couverte des Vosges en raquettes, migration des grues et festival de l&rsquo;image nature \u00e0 Montier-en-Der, nuit des \u00e9toiles &#8230;).<\/strong><\/p>\n\n\n\n<figure class=\"wp-block-gallery alignfull columns-3 is-cropped wp-block-gallery-10 is-layout-flex wp-block-gallery-is-layout-flex\"><ul class=\"blocks-gallery-grid\"><li class=\"blocks-gallery-item\"><figure><img loading=\"lazy\" decoding=\"async\" width=\"800\" height=\"533\" src=\"https:\/\/www.asso-torcol.fr\/wp-content\/uploads\/2014\/01\/plaquette-raquettes-2018-termin\u00e9e3.png\" alt=\"\" data-id=\"1653\" data-link=\"https:\/\/www.asso-torcol.fr\/index.php\/2014\/01\/18\/raquettes\/plaquette-raquettes-2018-terminee3\/\" class=\"wp-image-1653\" srcset=\"https:\/\/www.asso-torcol.fr\/wp-content\/uploads\/2014\/01\/plaquette-raquettes-2018-termin\u00e9e3.png 800w, https:\/\/www.asso-torcol.fr\/wp-content\/uploads\/2014\/01\/plaquette-raquettes-2018-termin\u00e9e3-768x512.png 768w\" sizes=\"auto, (max-width: 800px) 100vw, 800px\" \/><\/figure><\/li><li class=\"blocks-gallery-item\"><figure><img loading=\"lazy\" decoding=\"async\" width=\"800\" height=\"533\" src=\"https:\/\/www.asso-torcol.fr\/wp-content\/uploads\/2019\/03\/02-lac-du-der-REDIM-800X533.jpg\" alt=\"\" data-id=\"1649\" data-link=\"https:\/\/www.asso-torcol.fr\/index.php\/2012\/11\/17\/lac-du-der\/02-lac-du-der-redim-800x533\/\" class=\"wp-image-1649\" srcset=\"https:\/\/www.asso-torcol.fr\/wp-content\/uploads\/2019\/03\/02-lac-du-der-REDIM-800X533.jpg 800w, https:\/\/www.asso-torcol.fr\/wp-content\/uploads\/2019\/03\/02-lac-du-der-REDIM-800X533-768x512.jpg 768w\" sizes=\"auto, (max-width: 800px) 100vw, 800px\" \/><\/figure><\/li><li class=\"blocks-gallery-item\"><figure><img loading=\"lazy\" decoding=\"async\" width=\"960\" height=\"720\" src=\"https:\/\/www.asso-torcol.fr\/wp-content\/uploads\/2020\/02\/sortie-madine.jpg\" alt=\"\" data-id=\"3756\" data-link=\"https:\/\/www.asso-torcol.fr\/index.php\/a-propos-de\/sortie-madine\/\" class=\"wp-image-3756\" srcset=\"https:\/\/www.asso-torcol.fr\/wp-content\/uploads\/2020\/02\/sortie-madine.jpg 960w, https:\/\/www.asso-torcol.fr\/wp-content\/uploads\/2020\/02\/sortie-madine-768x576.jpg 768w\" sizes=\"auto, (max-width: 960px) 100vw, 960px\" \/><\/figure><\/li><\/ul><\/figure>\n\n\n\n<p style=\"color:#2e329a\" class=\"has-text-color has-text-align-center has-large-font-size\"><strong>Rejoignez-nous !!!<\/strong><\/p>\n\n\n\n<div class=\"wp-block-image\"><figure class=\"aligncenter is-resized\"><img loading=\"lazy\" decoding=\"async\" src=\"https:\/\/www.asso-torcol.fr\/wp-content\/uploads\/2018\/12\/Assoc_9.jpg\" alt=\"\" class=\"wp-image-102\" width=\"367\" height=\"275\"\/><\/figure><\/div>\n\n\n\n<p style=\"color:#2e329a;font-size:38px\" class=\"has-text-color has-text-align-center\"><strong> La nature a besoin de vous !!!<\/strong><\/p>\n\n\n\n<p style=\"color:#2e329a\" class=\"has-text-color has-text-align-center has-medium-font-size\"><strong>Toutes les bonnes volont\u00e9s sont les bienvenues. Votre aide nous est pr\u00e9cieuse. Chaque geste compte. <br>Il reste encore des choses \u00e0 sauver&#8230;<br>Jamais nous ne serons assez nombreux pour nous faire entendre.<\/strong><\/p>\n","protected":false},"excerpt":{"rendered":"<p>Que faisons-nous ? Nos activit\u00e9s Protection de la nature Restauration, am\u00e9nagement et entretien d&rsquo;espaces naturels Actions de sensibilisation destin\u00e9es au public ainsi qu&rsquo;aux scolaires pour leur faire d\u00e9couvrir la faune et la flore Expositions&#46;&#46;&#46;<\/p>\n","protected":false},"author":1,"featured_media":0,"parent":0,"menu_order":0,"comment_status":"closed","ping_status":"closed","template":"","meta":{"footnotes":""},"class_list":["post-18","page","type-page","status-publish","hentry"],"_links":{"self":[{"href":"https:\/\/www.asso-torcol.fr\/index.php\/wp-json\/wp\/v2\/pages\/18","targetHints":{"allow":["GET"]}}],"collection":[{"href":"https:\/\/www.asso-torcol.fr\/index.php\/wp-json\/wp\/v2\/pages"}],"about":[{"href":"https:\/\/www.asso-torcol.fr\/index.php\/wp-json\/wp\/v2\/types\/page"}],"author":[{"embeddable":true,"href":"https:\/\/www.asso-torcol.fr\/index.php\/wp-json\/wp\/v2\/users\/1"}],"replies":[{"embeddable":true,"href":"https:\/\/www.asso-torcol.fr\/index.php\/wp-json\/wp\/v2\/comments?post=18"}],"version-history":[{"count":43,"href":"https:\/\/www.asso-torcol.fr\/index.php\/wp-json\/wp\/v2\/pages\/18\/revisions"}],"predecessor-version":[{"id":6326,"href":"https:\/\/www.asso-torcol.fr\/index.php\/wp-json\/wp\/v2\/pages\/18\/revisions\/6326"}],"wp:attachment":[{"href":"https:\/\/www.asso-torcol.fr\/index.php\/wp-json\/wp\/v2\/media?parent=18"}],"curies":[{"name":"wp","href":"https:\/\/api.w.org\/{rel}","templated":true}]}}